{"id":1774,"date":"2017-07-17T17:20:11","date_gmt":"2017-07-17T15:20:11","guid":{"rendered":"http:\/\/www.kita-storchennest.ch\/site\/?page_id=1774"},"modified":"2023-10-16T15:40:54","modified_gmt":"2023-10-16T13:40:54","slug":"eingewoehnungskonzept","status":"publish","type":"page","link":"https:\/\/www.kita-storchennest.ch\/site\/eingewoehnungskonzept\/","title":{"rendered":"Eingew\u00f6hnungskonzept"},"content":{"rendered":"<p><a href=\"https:\/\/www.kita-storchennest.ch\/site\/wp-content\/uploads\/2020\/06\/Eingew\u00f6hnungskonzept.pdf\">Eingew\u00f6hnungskonzept<\/a><\/p>\n<p>&nbsp;<\/p>\n<p><strong>Version: 03\/23<\/strong><\/p>\n<p><strong>Autor: Mich\u00e8le Reisinger<\/strong><\/p>\n<p><strong>Ort, Datum: Grossaffoltern, 16.10.23<\/strong><\/p>\n<p><strong>&nbsp;<\/strong><\/p>\n<p><strong>&nbsp;<\/strong><\/p>\n<h2><strong>Eingew\u00f6hnungszeit<\/strong><\/h2>\n<p>Ein neu eintretendes Kind wird mit vielen Einfl\u00fcssen konfrontiert. Die Abl\u00f6sung von den Eltern, unbekannte Personen, neue R\u00e4ume, andere Kinder, ver\u00e4nderter Tagesablauf \u2013 eine grosse Herausforderung f\u00fcr ein Kind. Um ihm diesen Schritt etwas zu erleichtern und f\u00fcr die Zukunft eine gute, vertrauensvolle Basis zu schaffen, ist uns die Eingew\u00f6hnungszeit sehr wichtig.<\/p>\n<p>&nbsp;<\/p>\n<h2><strong>Wir haben diese Zeit in drei Phasen eingeteilt:<\/strong><\/h2>\n<h3><strong>1. Phase:<\/strong><\/h3>\n<p>Die ersten zwei, drei Male besucht ein Elternteil zusammen mit dem Kind f\u00fcr ca. 1-2 Stunden die Kindertagesst\u00e4tte. Ein erstes Kennenlernen der neuen Situation soll m\u00f6glich sein ohne dass eine Trennung von den Eltern stattfindet. Am ersten Tag findet ein Gespr\u00e4ch zwischen der Bezugsperson und den Eltern statt, um wichtige Informationen auszutauschen. An diesem Tag verh\u00e4lt sich die Betreuerin dem Kind gegen\u00fcber zur\u00fcckhaltend, damit es in seinem Tempo die ersten Eindr\u00fccke sammeln kann.<\/p>\n<p>Wir empfehlen den Eltern, sich w\u00e4hrend der Eingew\u00f6hnung zur\u00fcckhaltend zu verhalten, um dem Kind die M\u00f6glichkeit zu geben sich mit der neuen Betreuerin vertraut zu machen. Dies f\u00f6rdert den neuen Beziehungsaufbau Ihres Kindes.<\/p>\n<h3><strong>2. Phase:<\/strong><\/h3>\n<p>Die Eltern verlassen f\u00fcr kurze Zeit die Kita. Dabei ist es wichtig, sich vom Kind zu verabschieden und die Dauer der Abwesenheit dem Kind bekannt zu geben. Dies wird mit der Bezugsperson abgesprochen und durchgef\u00fchrt.<\/p>\n<h3><strong>3. Phase:<\/strong><\/h3>\n<p>Die Aufenthaltsdauer wird langsam bis zum Erreichen der angemeldeten Betreuungszeit, erh\u00f6ht. Dabei werden auch immer mehr Betreuungsaufgaben (wickeln, f\u00fcttern etc.) von der Bezugsperson durchgef\u00fchrt. Am Ende der Eingew\u00f6hnungszeit sollte das Kind im Minimum einen halben Tag alleine in der Kita verbringen k\u00f6nnen.<\/p>\n<p>&nbsp;<\/p>\n<h2><strong>Unterst\u00fctzung durch die Eltern<\/strong><\/h2>\n<p>Eltern k\u00f6nnen Ihr Kind schon zu Hause auf den Besuch in der Kita vorbereiten. Wichtig dabei ist, dass die Eltern dem Kind mitteilen, wie lange der Besuch dauern<\/p>\n<p>wird. Es sollte wissen, ob es die Kita mit den Eltern verl\u00e4sst, oder ob es einen Moment alleine in der Kita bleibt und sp\u00e4ter abgeholt wird.<\/p>\n<p>Ein offener Austausch zwischen den Eltern und der Bezugsperson vermeidet Konflikte und gibt dem Kind Sicherheit. Die Eingew\u00f6hnungszeit ist nicht nur f\u00fcr die Kinder, sondern auch f\u00fcr die Eltern enorm wichtig. In dieser Zeit bekommen sie einen Einblick in unseren Kitaalltag und bauen ein Vertrauensverh\u00e4ltnis zu den Betreuerinnen auf.<\/p>\n<p>Die Eingew\u00f6hnungszeit dauert in der Regel drei Wochen. Wir orientieren uns am Verhalten des Kindes und entscheiden gemeinsam mit den Eltern ob die Eingew\u00f6hnungszeit abgeschlossen werden kann. Wichtig dabei ist, dass die Eltern in der ersten regul\u00e4ren Kitawoche einen Notfallplan zur Hand haben, falls die Eingew\u00f6hnung l\u00e4nger dauern sollte.<\/p>\n<p>Die Eingew\u00f6hnung ist Bestandteil der Vereinbarung und kostenpflichtig. Die Monatspauschale wird ab dem vertraglich vereinbarten Eingew\u00f6hnungsstart verrechnet.<\/p>\n<p>Die Zeiten f\u00fcr die Eingew\u00f6hnung werden individuell festgelegt.<\/p>\n<p>W\u00e4hrend der Eingew\u00f6hnungszeit m\u00fcssen die Eltern oder eine andere Bezugsperson telefonisch erreichbar sein, um falls n\u00f6tig, das Kind vorzeitig abzuholen.<\/p>\n<p>&nbsp;<\/p>\n<p>&nbsp;<\/p>\n<p>&nbsp;<\/p>\n<p>&nbsp;<\/p>\n<p>&nbsp;<\/p>\n<p>&nbsp;<\/p>\n<p>&nbsp;<\/p>\n","protected":false},"excerpt":{"rendered":"<p>Eingew\u00f6hnungskonzept &nbsp; Version: 03\/23 Autor: Mich\u00e8le Reisinger Ort, Datum: Grossaffoltern, 16.10.23 &nbsp; &nbsp; Eingew\u00f6hnungszeit Ein neu eintretendes Kind wird mit vielen Einfl\u00fcssen konfrontiert. Die Abl\u00f6sung von den Eltern, unbekannte Personen, neue R\u00e4ume, andere Kinder, ver\u00e4nderter Tagesablauf \u2013 eine grosse Herausforderung f\u00fcr ein Kind. Um ihm diesen Schritt etwas zu erleichtern und f\u00fcr die Zukunft eine &hellip; <\/p>\n<p class=\"link-more\"><a href=\"https:\/\/www.kita-storchennest.ch\/site\/eingewoehnungskonzept\/\" class=\"more-link\"><span class=\"screen-reader-text\">\u201eEingew\u00f6hnungskonzept\u201c <\/span>weiterlesen<\/a><\/p>\n","protected":false},"author":2,"featured_media":0,"parent":0,"menu_order":0,"comment_status":"closed","ping_status":"closed","template":"","meta":{"ngg_post_thumbnail":0,"footnotes":""},"class_list":["post-1774","page","type-page","status-publish","hentry"],"yoast_head":"<!-- This site is optimized with the Yoast SEO plugin v27.5 - https:\/\/yoast.com\/product\/yoast-seo-wordpress\/ -->\n<title>Eingew\u00f6hnungskonzept &#187; Kita Storchennest Grossaffoltern<\/title>\n<meta name=\"robots\" content=\"index, follow, max-snippet:-1, max-image-preview:large, max-video-preview:-1\" \/>\n<link rel=\"canonical\" href=\"https:\/\/www.kita-storchennest.ch\/site\/eingewoehnungskonzept\/\" \/>\n<meta property=\"og:locale\" content=\"de_DE\" \/>\n<meta property=\"og:type\" content=\"article\" \/>\n<meta property=\"og:title\" content=\"Eingew\u00f6hnungskonzept &#187; Kita Storchennest Grossaffoltern\" \/>\n<meta property=\"og:description\" content=\"Eingew\u00f6hnungskonzept &nbsp; Version: 03\/23 Autor: Mich\u00e8le Reisinger Ort, Datum: Grossaffoltern, 16.10.23 &nbsp; &nbsp; Eingew\u00f6hnungszeit Ein neu eintretendes Kind wird mit vielen Einfl\u00fcssen konfrontiert. Die Abl\u00f6sung von den Eltern, unbekannte Personen, neue R\u00e4ume, andere Kinder, ver\u00e4nderter Tagesablauf \u2013 eine grosse Herausforderung f\u00fcr ein Kind. Um ihm diesen Schritt etwas zu erleichtern und f\u00fcr die Zukunft eine &hellip; \u201eEingew\u00f6hnungskonzept\u201c weiterlesen\" \/>\n<meta property=\"og:url\" content=\"https:\/\/www.kita-storchennest.ch\/site\/eingewoehnungskonzept\/\" \/>\n<meta property=\"og:site_name\" content=\"Kita Storchennest Grossaffoltern\" \/>\n<meta property=\"article:modified_time\" content=\"2023-10-16T13:40:54+00:00\" \/>\n<meta name=\"twitter:card\" content=\"summary_large_image\" \/>\n<meta name=\"twitter:label1\" content=\"Gesch\u00e4tzte Lesezeit\" \/>\n\t<meta name=\"twitter:data1\" content=\"3\u00a0Minuten\" \/>\n<script type=\"application\/ld+json\" class=\"yoast-schema-graph\">{\"@context\":\"https:\\\/\\\/schema.org\",\"@graph\":[{\"@type\":\"WebPage\",\"@id\":\"https:\\\/\\\/www.kita-storchennest.ch\\\/site\\\/eingewoehnungskonzept\\\/\",\"url\":\"https:\\\/\\\/www.kita-storchennest.ch\\\/site\\\/eingewoehnungskonzept\\\/\",\"name\":\"Eingew\u00f6hnungskonzept &#187; Kita Storchennest Grossaffoltern\",\"isPartOf\":{\"@id\":\"https:\\\/\\\/www.kita-storchennest.ch\\\/site\\\/#website\"},\"datePublished\":\"2017-07-17T15:20:11+00:00\",\"dateModified\":\"2023-10-16T13:40:54+00:00\",\"breadcrumb\":{\"@id\":\"https:\\\/\\\/www.kita-storchennest.ch\\\/site\\\/eingewoehnungskonzept\\\/#breadcrumb\"},\"inLanguage\":\"de\",\"potentialAction\":[{\"@type\":\"ReadAction\",\"target\":[\"https:\\\/\\\/www.kita-storchennest.ch\\\/site\\\/eingewoehnungskonzept\\\/\"]}]},{\"@type\":\"BreadcrumbList\",\"@id\":\"https:\\\/\\\/www.kita-storchennest.ch\\\/site\\\/eingewoehnungskonzept\\\/#breadcrumb\",\"itemListElement\":[{\"@type\":\"ListItem\",\"position\":1,\"name\":\"Startseite\",\"item\":\"https:\\\/\\\/www.kita-storchennest.ch\\\/site\\\/\"},{\"@type\":\"ListItem\",\"position\":2,\"name\":\"Eingew\u00f6hnungskonzept\"}]},{\"@type\":\"WebSite\",\"@id\":\"https:\\\/\\\/www.kita-storchennest.ch\\\/site\\\/#website\",\"url\":\"https:\\\/\\\/www.kita-storchennest.ch\\\/site\\\/\",\"name\":\"Kita Storchennest Grossaffoltern\",\"description\":\"Wengistrasse 7, 3257 Grossaffoltern\",\"publisher\":{\"@id\":\"https:\\\/\\\/www.kita-storchennest.ch\\\/site\\\/#organization\"},\"potentialAction\":[{\"@type\":\"SearchAction\",\"target\":{\"@type\":\"EntryPoint\",\"urlTemplate\":\"https:\\\/\\\/www.kita-storchennest.ch\\\/site\\\/?s={search_term_string}\"},\"query-input\":{\"@type\":\"PropertyValueSpecification\",\"valueRequired\":true,\"valueName\":\"search_term_string\"}}],\"inLanguage\":\"de\"},{\"@type\":\"Organization\",\"@id\":\"https:\\\/\\\/www.kita-storchennest.ch\\\/site\\\/#organization\",\"name\":\"Kita Storchennest, Grossalffoltern\",\"url\":\"https:\\\/\\\/www.kita-storchennest.ch\\\/site\\\/\",\"logo\":{\"@type\":\"ImageObject\",\"inLanguage\":\"de\",\"@id\":\"https:\\\/\\\/www.kita-storchennest.ch\\\/site\\\/#\\\/schema\\\/logo\\\/image\\\/\",\"url\":\"https:\\\/\\\/www.kita-storchennest.ch\\\/site\\\/wp-content\\\/uploads\\\/2022\\\/12\\\/cropped-Storchennest-1.jpg\",\"contentUrl\":\"https:\\\/\\\/www.kita-storchennest.ch\\\/site\\\/wp-content\\\/uploads\\\/2022\\\/12\\\/cropped-Storchennest-1.jpg\",\"width\":512,\"height\":512,\"caption\":\"Kita Storchennest, Grossalffoltern\"},\"image\":{\"@id\":\"https:\\\/\\\/www.kita-storchennest.ch\\\/site\\\/#\\\/schema\\\/logo\\\/image\\\/\"}}]}<\/script>\n<!-- \/ Yoast SEO plugin. -->","yoast_head_json":{"title":"Eingew\u00f6hnungskonzept &#187; Kita Storchennest Grossaffoltern","robots":{"index":"index","follow":"follow","max-snippet":"max-snippet:-1","max-image-preview":"max-image-preview:large","max-video-preview":"max-video-preview:-1"},"canonical":"https:\/\/www.kita-storchennest.ch\/site\/eingewoehnungskonzept\/","og_locale":"de_DE","og_type":"article","og_title":"Eingew\u00f6hnungskonzept &#187; Kita Storchennest Grossaffoltern","og_description":"Eingew\u00f6hnungskonzept &nbsp; Version: 03\/23 Autor: Mich\u00e8le Reisinger Ort, Datum: Grossaffoltern, 16.10.23 &nbsp; &nbsp; Eingew\u00f6hnungszeit Ein neu eintretendes Kind wird mit vielen Einfl\u00fcssen konfrontiert. Die Abl\u00f6sung von den Eltern, unbekannte Personen, neue R\u00e4ume, andere Kinder, ver\u00e4nderter Tagesablauf \u2013 eine grosse Herausforderung f\u00fcr ein Kind. Um ihm diesen Schritt etwas zu erleichtern und f\u00fcr die Zukunft eine &hellip; \u201eEingew\u00f6hnungskonzept\u201c weiterlesen","og_url":"https:\/\/www.kita-storchennest.ch\/site\/eingewoehnungskonzept\/","og_site_name":"Kita Storchennest Grossaffoltern","article_modified_time":"2023-10-16T13:40:54+00:00","twitter_card":"summary_large_image","twitter_misc":{"Gesch\u00e4tzte Lesezeit":"3\u00a0Minuten"},"schema":{"@context":"https:\/\/schema.org","@graph":[{"@type":"WebPage","@id":"https:\/\/www.kita-storchennest.ch\/site\/eingewoehnungskonzept\/","url":"https:\/\/www.kita-storchennest.ch\/site\/eingewoehnungskonzept\/","name":"Eingew\u00f6hnungskonzept &#187; Kita Storchennest Grossaffoltern","isPartOf":{"@id":"https:\/\/www.kita-storchennest.ch\/site\/#website"},"datePublished":"2017-07-17T15:20:11+00:00","dateModified":"2023-10-16T13:40:54+00:00","breadcrumb":{"@id":"https:\/\/www.kita-storchennest.ch\/site\/eingewoehnungskonzept\/#breadcrumb"},"inLanguage":"de","potentialAction":[{"@type":"ReadAction","target":["https:\/\/www.kita-storchennest.ch\/site\/eingewoehnungskonzept\/"]}]},{"@type":"BreadcrumbList","@id":"https:\/\/www.kita-storchennest.ch\/site\/eingewoehnungskonzept\/#breadcrumb","itemListElement":[{"@type":"ListItem","position":1,"name":"Startseite","item":"https:\/\/www.kita-storchennest.ch\/site\/"},{"@type":"ListItem","position":2,"name":"Eingew\u00f6hnungskonzept"}]},{"@type":"WebSite","@id":"https:\/\/www.kita-storchennest.ch\/site\/#website","url":"https:\/\/www.kita-storchennest.ch\/site\/","name":"Kita Storchennest Grossaffoltern","description":"Wengistrasse 7, 3257 Grossaffoltern","publisher":{"@id":"https:\/\/www.kita-storchennest.ch\/site\/#organization"},"potentialAction":[{"@type":"SearchAction","target":{"@type":"EntryPoint","urlTemplate":"https:\/\/www.kita-storchennest.ch\/site\/?s={search_term_string}"},"query-input":{"@type":"PropertyValueSpecification","valueRequired":true,"valueName":"search_term_string"}}],"inLanguage":"de"},{"@type":"Organization","@id":"https:\/\/www.kita-storchennest.ch\/site\/#organization","name":"Kita Storchennest, Grossalffoltern","url":"https:\/\/www.kita-storchennest.ch\/site\/","logo":{"@type":"ImageObject","inLanguage":"de","@id":"https:\/\/www.kita-storchennest.ch\/site\/#\/schema\/logo\/image\/","url":"https:\/\/www.kita-storchennest.ch\/site\/wp-content\/uploads\/2022\/12\/cropped-Storchennest-1.jpg","contentUrl":"https:\/\/www.kita-storchennest.ch\/site\/wp-content\/uploads\/2022\/12\/cropped-Storchennest-1.jpg","width":512,"height":512,"caption":"Kita Storchennest, Grossalffoltern"},"image":{"@id":"https:\/\/www.kita-storchennest.ch\/site\/#\/schema\/logo\/image\/"}}]}},"_links":{"self":[{"href":"https:\/\/www.kita-storchennest.ch\/site\/wp-json\/wp\/v2\/pages\/1774","targetHints":{"allow":["GET"]}}],"collection":[{"href":"https:\/\/www.kita-storchennest.ch\/site\/wp-json\/wp\/v2\/pages"}],"about":[{"href":"https:\/\/www.kita-storchennest.ch\/site\/wp-json\/wp\/v2\/types\/page"}],"author":[{"embeddable":true,"href":"https:\/\/www.kita-storchennest.ch\/site\/wp-json\/wp\/v2\/users\/2"}],"replies":[{"embeddable":true,"href":"https:\/\/www.kita-storchennest.ch\/site\/wp-json\/wp\/v2\/comments?post=1774"}],"version-history":[{"count":4,"href":"https:\/\/www.kita-storchennest.ch\/site\/wp-json\/wp\/v2\/pages\/1774\/revisions"}],"predecessor-version":[{"id":2738,"href":"https:\/\/www.kita-storchennest.ch\/site\/wp-json\/wp\/v2\/pages\/1774\/revisions\/2738"}],"wp:attachment":[{"href":"https:\/\/www.kita-storchennest.ch\/site\/wp-json\/wp\/v2\/media?parent=1774"}],"curies":[{"name":"wp","href":"https:\/\/api.w.org\/{rel}","templated":true}]}}