{"id":2,"date":"2015-01-07T14:12:39","date_gmt":"2015-01-07T14:12:39","guid":{"rendered":"http:\/\/www.kita-storchennest.ch\/site\/?page_id=2"},"modified":"2024-06-25T08:40:58","modified_gmt":"2024-06-25T06:40:58","slug":"beispiel-seite","status":"publish","type":"page","link":"https:\/\/www.kita-storchennest.ch\/site\/beispiel-seite\/","title":{"rendered":"Unsere Kita"},"content":{"rendered":"<p><strong>&nbsp;<\/strong>In der Kindertagesst\u00e4tte Storchennest werden Kinder ab 3 Monaten bis und mit zum 1. Kindergartenjahr betreut.<\/p>\n<p>&nbsp;<\/p>\n<p><strong>\u00d6ffnungszeiten<\/strong><\/p>\n<p>Die KiTa hat Montag bis Freitag von 6.45 bis 18:15 Uhr ge\u00f6ffnet.<\/p>\n<p>Wir schliessen die KiTa Storchennest w\u00e4hrend 2-3 Ferienwochen pro Jahr. ( Woche 39 + 52, teilweise Woche 1 )<\/p>\n<p>An Feiertagen und am Freitag nach Auffahrt bleibt die KiTa Storchennest geschlossen.<\/p>\n<p>Zus\u00e4tzlich schliesst die KiTa 3-5 Tage im Jahr f\u00fcr Weiterbildungen, Retraiten, Team- und Putztage.<\/p>\n<p>&nbsp;<\/p>\n<p><strong>Pensen<\/strong><\/p>\n<table style=\"height: 462px;\" width=\"577\">\n<tbody>\n<tr>\n<td width=\"151\"><strong>Ganzer Tag<\/strong>&nbsp;100%<\/td>\n<td width=\"151\"><b>Halber Tag<\/b>&nbsp;<b><\/b>50%<\/td>\n<td width=\"151\">H<strong>alber Tag Plus*<\/strong>&nbsp;50%<\/td>\n<td width=\"151\"><strong>Dreiviertel Tag<\/strong>&nbsp;75%<\/td>\n<\/tr>\n<tr>\n<td width=\"151\">mit Essen<\/td>\n<td width=\"151\">ohne Essen<\/td>\n<td width=\"151\">mit Essen<\/td>\n<td width=\"151\">mit Essen<\/td>\n<\/tr>\n<tr>\n<td width=\"151\">6.45-18.05<\/td>\n<td width=\"151\">6.45-11:20<\/td>\n<td width=\"151\">6.45-12:15<\/td>\n<td width=\"151\">6.45-14:00<\/td>\n<\/tr>\n<tr>\n<td width=\"151\">&nbsp;<\/td>\n<td width=\"151\">13:30-18.05<\/td>\n<td width=\"151\">&nbsp;<\/td>\n<td width=\"151\">11:20-18.05<\/td>\n<\/tr>\n<tr>\n<td width=\"151\">&nbsp;<\/td>\n<td width=\"151\">&nbsp;<\/td>\n<td width=\"151\">&nbsp;<\/td>\n<td width=\"151\">&nbsp;<\/td>\n<\/tr>\n<\/tbody>\n<\/table>\n<p>&nbsp;<\/p>\n<p>Die Mindestbetreuungszeit von 20% bzw. 15% bei Kindergartenkinder&nbsp;pro Woche setzt sich aus 100 bzw. 75&nbsp;Tagesprozenten zusammen.<\/p>\n<p>&nbsp;<\/p>\n<p><strong>Bring- und Abholzeiten<\/strong><br \/>\nmorgen&nbsp;&nbsp; &nbsp;&nbsp;&nbsp; &nbsp;&nbsp;&nbsp;&nbsp; 06.45 \u2013 09.00<br \/>\nmittags&nbsp;&nbsp; &nbsp;&nbsp;&nbsp; &nbsp;&nbsp;&nbsp;&nbsp;&nbsp; 11.15 \u2013 11.25 \/\/ 12.05-12.15*<br \/>\nnachmittags&nbsp;&nbsp; &nbsp;13.30 \u2013 14.00<br \/>\nabends&nbsp;&nbsp; &nbsp;&nbsp;&nbsp; &nbsp;&nbsp;&nbsp;&nbsp;&nbsp; 16.00 \u2013 18.05<\/p>\n<p>&nbsp;<\/p>\n<p><strong>Tagesablauf<\/strong><\/p>\n<p>06:45-09:00 Ankommen in der Kita<\/p>\n<p>09:00 Fr\u00fchst\u00fcck<\/p>\n<p>09:40 gef\u00fchrte Sequenz zum Projektthema<\/p>\n<p>11:20 Singkreis \/ Bring- und Abholzeit<\/p>\n<p>11:30 Mittagessen<\/p>\n<p>13:30-14:00 Bring- und Abholzeit<\/p>\n<p>15:00 Zvieri<\/p>\n<p>17:00 Fr\u00fcchteteller<\/p>\n<p>16.30-18.05 Abholzeit<\/p>\n<p>&nbsp;<\/p>\n<p><strong>Aufnahmebedingungen<\/strong><\/p>\n<p>Es werden Kinder im Alter von 3 Monaten bis und mit zum 1. Kindergartenjahr aufgenommen. Die Mindestbetreuungszeit betr\u00e4gt 20%, bei Kindergartenkinder 15%.<\/p>\n<p>Die KiTa Storchennest steht grunds\u00e4tzlich allen Kindern mit Wohnsitz und Aufenthalt im Kanton Bern offen. Falls nicht gen\u00fcgend Pl\u00e4tze zur Verf\u00fcgung stehen, r\u00e4umen wir Kindern aus der Gemeinde Grossaffoltern den Vorrang ein. Es wird eine Warteliste gef\u00fchrt.<\/p>\n<p>Die KiTa Storchennest erhebt keine Aufnahmegeb\u00fchren.<\/p>\n<p><strong>Eingew\u00f6hnung<\/strong><\/p>\n<p>Die Eingew\u00f6hnungszeit ist f\u00fcr das Kind, die Eltern und das Personal ausserordentlich wichtig. Damit das Kind gen\u00fcgend Zeit hat um eine stabile Bindung zu der Bezugsperson aufzubauen, dauert diese drei Wochen. In dieser Zeit werden die Termine individuell auf die Bed\u00fcrfnisse des Kindes angepasst. Die Eingew\u00f6hnungszeit findet vor Vertragsbeginn statt und ist kostenpflichtig.<\/p>\n<p><strong>Kleidung, eigene Spielsachen<\/strong><\/p>\n<p>Die Kinder sollen der Witterung entsprechende, bequeme Kleider tragen. Eigene Ersatzkleider sollten stets in der Kindertagesst\u00e4tte zur Verf\u00fcgung stehen, wie auch Hausschuhe, Gummistiefel und Regenschutz. Die Kleider m\u00fcssen mit Namen angeschrieben sein.<\/p>\n<p>Kuscheltiere und Nuggi darf das Kind selbstverst\u00e4ndlich mitbringen. F\u00fcr Spielsachen, die in die Kindertagesst\u00e4tte mitgebracht werden, kann keine Verantwortung \u00fcbernommen werden.<\/p>\n<p>&nbsp;<\/p>\n<p><strong>Hygiene und Sicherheit<\/strong><\/p>\n<p>Die KiTa Storchennest hat ein Hygienekonzept. Die gesetzlichen Anforderungen an die Hygiene werden regelm\u00e4ssig durch das Lebensmittelinspektorat \u00fcberpr\u00fcft.<\/p>\n<p>F\u00fcr die Sicherheit der Kinder wurden Massnahmen getroffen wie: u.a. Sicherheitsschl\u00f6sser an den Fenstern, gesch\u00fctzte Steckdosen, Fallschutz bei Spielger\u00e4ten.<\/p>\n<p>&nbsp;<\/p>\n<p><strong>Krankheit<\/strong><\/p>\n<p>Bei Krankheit&nbsp; kann das Kind nicht in die Kindertagesst\u00e4tte gebracht werden. Bei Erkrankung des Kindes in der KiTa werden die Eltern sofort benachrichtigt.<\/p>\n<p>Allergien und andere Empfindlichkeiten m\u00fcssen beim Eintritt besprochen werden. Ebenso sollte die Kitaleitung \u00fcber ansteckende Krankheiten in der Familie orientiert werden.<\/p>\n<p>&nbsp;<\/p>\n<p><strong>Versicherung\/ Haftung<\/strong><\/p>\n<p>Die Eltern verpflichten sich, f\u00fcr ihr Kind eine Kranken- und Unfallversicherung abzuschliessen. Die Haftpflicht des Kindes ist durch eine Versicherung der Eltern abzudecken. Die Kindertagesst\u00e4tte verf\u00fcgt \u00fcber eine Betriebshaftpflichtversicherung.<\/p>\n<p>Die KiTa haftet nicht f\u00fcr Kleider und mitgebrachte Gegenst\u00e4nde.<\/p>\n<p>&nbsp;<\/p>\n<p><strong>K\u00fcndigung<\/strong><\/p>\n<p>Der Betreuungsplatz kann durch die Eltern oder durch die KiTa mit einer Frist von zwei Monaten auf Ende des Kalendermonats gek\u00fcndigt werden. Die K\u00fcndigung muss schriftlich erfolgen. Kinder welche aufgrund Kindergarten oder Schuleintritt aus der Kita austreten, d\u00fcrfen mit einer zwei-monatigen K\u00fcndigungsfrist per Schuljahresbeginn (Mitte August) k\u00fcnden.<\/p>\n<p>&nbsp;<\/p>\n<p><strong>Tarife \/ Rabatte<\/strong><\/p>\n<p>Die Eltern k\u00f6nnen nach Vertragsabschluss bei der jeweiligen Wohngemeinde ein Gesuch f\u00fcr einen Betreuungsgutschein stellen. Die Gutscheinh\u00f6he ist Einkommensabh\u00e4ngig und wird direkt an die Kita ausbezahlt. Die Eltern erhalten eine angepasste Rechnung.&nbsp;<\/p>\n<p>Zus\u00e4tzlich zu den Tarifen ist der Betrag von Fr. 10.-\/Tag f\u00fcr die Mahlzeiten und Fr.1.-\/Tag f\u00fcr die Windeln zu rechnen.<\/p>\n<p>Die Vollkostentarife sind auf dem Tarifblatt ersichtlich. Gutscheine und andere Gutschriften werden individuell abgezogen.&nbsp;<\/p>\n<p>&nbsp;<\/p>\n<p><strong>Zahlungsregelung<\/strong><\/p>\n<p>Die Kosten f\u00fcr die Betreuungstage sind monatlich zu bezahlen. Die Rechnung erfolgt jeweils zu Beginn des kommenden Monates.&nbsp;<\/p>\n<p>&nbsp;<\/p>\n<p><strong>Zusatztage<\/strong><\/p>\n<p>Die Eltern k\u00f6nnen ihre Kinder f\u00fcr Zusatztage ausserhalb der vertraglich festgelegten Betreuungszeiten anmelden. Zusatztage k\u00f6nnen unter bestimmten Bedingungen (Anzahl Kinder, Betreuungspersonal) durch die KiTaleitung bewilligt werden. Pro Jahr kann ein Zusatztag gratis bezogen werden. Ab dem zweiten Tag gilt der Vollkostentarif, abz\u00fcglich allf\u00e4lliger Gutscheine.<\/p>\n","protected":false},"excerpt":{"rendered":"<p>&nbsp;In der Kindertagesst\u00e4tte Storchennest werden Kinder ab 3 Monaten bis und mit zum 1. Kindergartenjahr betreut. &nbsp; \u00d6ffnungszeiten Die KiTa hat Montag bis Freitag von 6.45 bis 18:15 Uhr ge\u00f6ffnet. Wir schliessen die KiTa Storchennest w\u00e4hrend 2-3 Ferienwochen pro Jahr. ( Woche 39 + 52, teilweise Woche 1 ) An Feiertagen und am Freitag nach &hellip; <\/p>\n<p class=\"link-more\"><a href=\"https:\/\/www.kita-storchennest.ch\/site\/beispiel-seite\/\" class=\"more-link\"><span class=\"screen-reader-text\">\u201eUnsere Kita\u201c <\/span>weiterlesen<\/a><\/p>\n","protected":false},"author":1,"featured_media":0,"parent":0,"menu_order":0,"comment_status":"closed","ping_status":"closed","template":"","meta":{"ngg_post_thumbnail":0,"footnotes":""},"class_list":["post-2","page","type-page","status-publish","hentry"],"yoast_head":"<!-- This site is optimized with the Yoast SEO plugin v27.5 - https:\/\/yoast.com\/product\/yoast-seo-wordpress\/ -->\n<title>Unsere Kita &#187; Kita Storchennest Grossaffoltern<\/title>\n<meta name=\"robots\" content=\"index, follow, max-snippet:-1, max-image-preview:large, max-video-preview:-1\" \/>\n<link rel=\"canonical\" href=\"https:\/\/www.kita-storchennest.ch\/site\/beispiel-seite\/\" \/>\n<meta property=\"og:locale\" content=\"de_DE\" \/>\n<meta property=\"og:type\" content=\"article\" \/>\n<meta property=\"og:title\" content=\"Unsere Kita &#187; Kita Storchennest Grossaffoltern\" \/>\n<meta property=\"og:description\" content=\"&nbsp;In der Kindertagesst\u00e4tte Storchennest werden Kinder ab 3 Monaten bis und mit zum 1. Kindergartenjahr betreut. &nbsp; \u00d6ffnungszeiten Die KiTa hat Montag bis Freitag von 6.45 bis 18:15 Uhr ge\u00f6ffnet. Wir schliessen die KiTa Storchennest w\u00e4hrend 2-3 Ferienwochen pro Jahr. ( Woche 39 + 52, teilweise Woche 1 ) An Feiertagen und am Freitag nach &hellip; \u201eUnsere Kita\u201c weiterlesen\" \/>\n<meta property=\"og:url\" content=\"https:\/\/www.kita-storchennest.ch\/site\/beispiel-seite\/\" \/>\n<meta property=\"og:site_name\" content=\"Kita Storchennest Grossaffoltern\" \/>\n<meta property=\"article:modified_time\" content=\"2024-06-25T06:40:58+00:00\" \/>\n<meta name=\"twitter:card\" content=\"summary_large_image\" \/>\n<meta name=\"twitter:label1\" content=\"Gesch\u00e4tzte Lesezeit\" \/>\n\t<meta name=\"twitter:data1\" content=\"4\u00a0Minuten\" \/>\n<script type=\"application\/ld+json\" class=\"yoast-schema-graph\">{\"@context\":\"https:\\\/\\\/schema.org\",\"@graph\":[{\"@type\":\"WebPage\",\"@id\":\"https:\\\/\\\/www.kita-storchennest.ch\\\/site\\\/beispiel-seite\\\/\",\"url\":\"https:\\\/\\\/www.kita-storchennest.ch\\\/site\\\/beispiel-seite\\\/\",\"name\":\"Unsere Kita &#187; Kita Storchennest Grossaffoltern\",\"isPartOf\":{\"@id\":\"https:\\\/\\\/www.kita-storchennest.ch\\\/site\\\/#website\"},\"datePublished\":\"2015-01-07T14:12:39+00:00\",\"dateModified\":\"2024-06-25T06:40:58+00:00\",\"breadcrumb\":{\"@id\":\"https:\\\/\\\/www.kita-storchennest.ch\\\/site\\\/beispiel-seite\\\/#breadcrumb\"},\"inLanguage\":\"de\",\"potentialAction\":[{\"@type\":\"ReadAction\",\"target\":[\"https:\\\/\\\/www.kita-storchennest.ch\\\/site\\\/beispiel-seite\\\/\"]}]},{\"@type\":\"BreadcrumbList\",\"@id\":\"https:\\\/\\\/www.kita-storchennest.ch\\\/site\\\/beispiel-seite\\\/#breadcrumb\",\"itemListElement\":[{\"@type\":\"ListItem\",\"position\":1,\"name\":\"Startseite\",\"item\":\"https:\\\/\\\/www.kita-storchennest.ch\\\/site\\\/\"},{\"@type\":\"ListItem\",\"position\":2,\"name\":\"Unsere Kita\"}]},{\"@type\":\"WebSite\",\"@id\":\"https:\\\/\\\/www.kita-storchennest.ch\\\/site\\\/#website\",\"url\":\"https:\\\/\\\/www.kita-storchennest.ch\\\/site\\\/\",\"name\":\"Kita Storchennest Grossaffoltern\",\"description\":\"Wengistrasse 7, 3257 Grossaffoltern\",\"publisher\":{\"@id\":\"https:\\\/\\\/www.kita-storchennest.ch\\\/site\\\/#organization\"},\"potentialAction\":[{\"@type\":\"SearchAction\",\"target\":{\"@type\":\"EntryPoint\",\"urlTemplate\":\"https:\\\/\\\/www.kita-storchennest.ch\\\/site\\\/?s={search_term_string}\"},\"query-input\":{\"@type\":\"PropertyValueSpecification\",\"valueRequired\":true,\"valueName\":\"search_term_string\"}}],\"inLanguage\":\"de\"},{\"@type\":\"Organization\",\"@id\":\"https:\\\/\\\/www.kita-storchennest.ch\\\/site\\\/#organization\",\"name\":\"Kita Storchennest, Grossalffoltern\",\"url\":\"https:\\\/\\\/www.kita-storchennest.ch\\\/site\\\/\",\"logo\":{\"@type\":\"ImageObject\",\"inLanguage\":\"de\",\"@id\":\"https:\\\/\\\/www.kita-storchennest.ch\\\/site\\\/#\\\/schema\\\/logo\\\/image\\\/\",\"url\":\"https:\\\/\\\/www.kita-storchennest.ch\\\/site\\\/wp-content\\\/uploads\\\/2022\\\/12\\\/cropped-Storchennest-1.jpg\",\"contentUrl\":\"https:\\\/\\\/www.kita-storchennest.ch\\\/site\\\/wp-content\\\/uploads\\\/2022\\\/12\\\/cropped-Storchennest-1.jpg\",\"width\":512,\"height\":512,\"caption\":\"Kita Storchennest, Grossalffoltern\"},\"image\":{\"@id\":\"https:\\\/\\\/www.kita-storchennest.ch\\\/site\\\/#\\\/schema\\\/logo\\\/image\\\/\"}}]}<\/script>\n<!-- \/ Yoast SEO plugin. -->","yoast_head_json":{"title":"Unsere Kita &#187; Kita Storchennest Grossaffoltern","robots":{"index":"index","follow":"follow","max-snippet":"max-snippet:-1","max-image-preview":"max-image-preview:large","max-video-preview":"max-video-preview:-1"},"canonical":"https:\/\/www.kita-storchennest.ch\/site\/beispiel-seite\/","og_locale":"de_DE","og_type":"article","og_title":"Unsere Kita &#187; Kita Storchennest Grossaffoltern","og_description":"&nbsp;In der Kindertagesst\u00e4tte Storchennest werden Kinder ab 3 Monaten bis und mit zum 1. Kindergartenjahr betreut. &nbsp; \u00d6ffnungszeiten Die KiTa hat Montag bis Freitag von 6.45 bis 18:15 Uhr ge\u00f6ffnet. Wir schliessen die KiTa Storchennest w\u00e4hrend 2-3 Ferienwochen pro Jahr. ( Woche 39 + 52, teilweise Woche 1 ) An Feiertagen und am Freitag nach &hellip; \u201eUnsere Kita\u201c weiterlesen","og_url":"https:\/\/www.kita-storchennest.ch\/site\/beispiel-seite\/","og_site_name":"Kita Storchennest Grossaffoltern","article_modified_time":"2024-06-25T06:40:58+00:00","twitter_card":"summary_large_image","twitter_misc":{"Gesch\u00e4tzte Lesezeit":"4\u00a0Minuten"},"schema":{"@context":"https:\/\/schema.org","@graph":[{"@type":"WebPage","@id":"https:\/\/www.kita-storchennest.ch\/site\/beispiel-seite\/","url":"https:\/\/www.kita-storchennest.ch\/site\/beispiel-seite\/","name":"Unsere Kita &#187; Kita Storchennest Grossaffoltern","isPartOf":{"@id":"https:\/\/www.kita-storchennest.ch\/site\/#website"},"datePublished":"2015-01-07T14:12:39+00:00","dateModified":"2024-06-25T06:40:58+00:00","breadcrumb":{"@id":"https:\/\/www.kita-storchennest.ch\/site\/beispiel-seite\/#breadcrumb"},"inLanguage":"de","potentialAction":[{"@type":"ReadAction","target":["https:\/\/www.kita-storchennest.ch\/site\/beispiel-seite\/"]}]},{"@type":"BreadcrumbList","@id":"https:\/\/www.kita-storchennest.ch\/site\/beispiel-seite\/#breadcrumb","itemListElement":[{"@type":"ListItem","position":1,"name":"Startseite","item":"https:\/\/www.kita-storchennest.ch\/site\/"},{"@type":"ListItem","position":2,"name":"Unsere Kita"}]},{"@type":"WebSite","@id":"https:\/\/www.kita-storchennest.ch\/site\/#website","url":"https:\/\/www.kita-storchennest.ch\/site\/","name":"Kita Storchennest Grossaffoltern","description":"Wengistrasse 7, 3257 Grossaffoltern","publisher":{"@id":"https:\/\/www.kita-storchennest.ch\/site\/#organization"},"potentialAction":[{"@type":"SearchAction","target":{"@type":"EntryPoint","urlTemplate":"https:\/\/www.kita-storchennest.ch\/site\/?s={search_term_string}"},"query-input":{"@type":"PropertyValueSpecification","valueRequired":true,"valueName":"search_term_string"}}],"inLanguage":"de"},{"@type":"Organization","@id":"https:\/\/www.kita-storchennest.ch\/site\/#organization","name":"Kita Storchennest, Grossalffoltern","url":"https:\/\/www.kita-storchennest.ch\/site\/","logo":{"@type":"ImageObject","inLanguage":"de","@id":"https:\/\/www.kita-storchennest.ch\/site\/#\/schema\/logo\/image\/","url":"https:\/\/www.kita-storchennest.ch\/site\/wp-content\/uploads\/2022\/12\/cropped-Storchennest-1.jpg","contentUrl":"https:\/\/www.kita-storchennest.ch\/site\/wp-content\/uploads\/2022\/12\/cropped-Storchennest-1.jpg","width":512,"height":512,"caption":"Kita Storchennest, Grossalffoltern"},"image":{"@id":"https:\/\/www.kita-storchennest.ch\/site\/#\/schema\/logo\/image\/"}}]}},"_links":{"self":[{"href":"https:\/\/www.kita-storchennest.ch\/site\/wp-json\/wp\/v2\/pages\/2","targetHints":{"allow":["GET"]}}],"collection":[{"href":"https:\/\/www.kita-storchennest.ch\/site\/wp-json\/wp\/v2\/pages"}],"about":[{"href":"https:\/\/www.kita-storchennest.ch\/site\/wp-json\/wp\/v2\/types\/page"}],"author":[{"embeddable":true,"href":"https:\/\/www.kita-storchennest.ch\/site\/wp-json\/wp\/v2\/users\/1"}],"replies":[{"embeddable":true,"href":"https:\/\/www.kita-storchennest.ch\/site\/wp-json\/wp\/v2\/comments?post=2"}],"version-history":[{"count":4,"href":"https:\/\/www.kita-storchennest.ch\/site\/wp-json\/wp\/v2\/pages\/2\/revisions"}],"predecessor-version":[{"id":2832,"href":"https:\/\/www.kita-storchennest.ch\/site\/wp-json\/wp\/v2\/pages\/2\/revisions\/2832"}],"wp:attachment":[{"href":"https:\/\/www.kita-storchennest.ch\/site\/wp-json\/wp\/v2\/media?parent=2"}],"curies":[{"name":"wp","href":"https:\/\/api.w.org\/{rel}","templated":true}]}}